{"id":105,"date":"2020-03-18T18:01:31","date_gmt":"2020-03-18T18:01:31","guid":{"rendered":"https:\/\/madeleinedanielou.ci\/?page_id=105"},"modified":"2023-10-30T00:06:11","modified_gmt":"2023-10-30T00:06:11","slug":"dates-a-retenir","status":"publish","type":"page","link":"https:\/\/madeleinedanielou.ci\/index.php\/dates-a-retenir\/","title":{"rendered":"Dates \u00e0 retenir"},"content":{"rendered":"\t\t<div data-elementor-type=\"wp-page\" data-elementor-id=\"105\" class=\"elementor elementor-105\">\n\t\t\t\t\t\t<section class=\"elementor-section elementor-top-section elementor-element elementor-element-3f6ba2f elementor-section-boxed elementor-section-height-default elementor-section-height-default wpr-particle-no wpr-jarallax-no wpr-parallax-no wpr-sticky-section-no wpr-equal-height-no\" data-id=\"3f6ba2f\" data-element_type=\"section\" data-e-type=\"section\">\n\t\t\t\t\t\t<div class=\"elementor-container elementor-column-gap-default\">\n\t\t\t\t\t<div class=\"elementor-column elementor-col-100 elementor-top-column elementor-element elementor-element-3ff89ca\" data-id=\"3ff89ca\" data-element_type=\"column\" data-e-type=\"column\">\n\t\t\t<div class=\"elementor-widget-wrap elementor-element-populated\">\n\t\t\t\t\t\t<div class=\"elementor-element elementor-element-6b456ed elementor-widget elementor-widget-page-title\" data-id=\"6b456ed\" data-element_type=\"widget\" data-e-type=\"widget\" data-widget_type=\"page-title.default\">\n\t\t\t\t<div class=\"elementor-widget-container\">\n\t\t\t\t\t\t\t\n\t\t<div class=\"hfe-page-title hfe-page-title-wrapper elementor-widget-heading\">\n\n\t\t\t\t\t\t\t\t\t\t\t<a href=\"https:\/\/madeleinedanielou.ci\">\n\t\t\t\t\t\t<h2 class=\"elementor-heading-title elementor-size-default\">\n\t\t\t\t\t\t\t\t\n\t\t\t\tDates \u00e0 retenir  \n\t\t\t<\/h2 > \n\t\t\t\t\t\t\t\t\t<\/a>\n\t\t\t\t\t<\/div>\n\t\t\t\t\t\t<\/div>\n\t\t\t\t<\/div>\n\t\t\t\t\t<\/div>\n\t\t<\/div>\n\t\t\t\t\t<\/div>\n\t\t<\/section>\n\t\t\t\t<section class=\"elementor-section elementor-top-section elementor-element elementor-element-47d79adb elementor-section-boxed elementor-section-height-default elementor-section-height-default wpr-particle-no wpr-jarallax-no wpr-parallax-no wpr-sticky-section-no wpr-equal-height-no\" data-id=\"47d79adb\" data-element_type=\"section\" data-e-type=\"section\">\n\t\t\t\t\t\t<div class=\"elementor-container elementor-column-gap-default\">\n\t\t\t\t\t<div class=\"elementor-column elementor-col-100 elementor-top-column elementor-element elementor-element-3bd96bb\" data-id=\"3bd96bb\" data-element_type=\"column\" data-e-type=\"column\">\n\t\t\t<div class=\"elementor-widget-wrap elementor-element-populated\">\n\t\t\t\t\t\t<div class=\"elementor-element elementor-element-1c6a2557 elementor-widget elementor-widget-text-editor\" data-id=\"1c6a2557\" data-element_type=\"widget\" data-e-type=\"widget\" data-widget_type=\"text-editor.default\">\n\t\t\t\t<div class=\"elementor-widget-container\">\n\t\t\t\t\t\t\t\t\t<p><\/p>\n<ul class=\"wp-block-list\">\n<li><strong>Rentr\u00e9e des classes<\/strong>\n<ul>\n<li>7 septembre 2020 : Sixi\u00e8mes et Cinqui\u00e8mes<\/li>\n<li>8 septembre 2020 : Secondes<\/li>\n<li>9 septembre 2020 : Primaire<\/li>\n<li>10 septembre : Maternelles<\/li>\n<\/ul>\n<\/li>\n<li>9 octobre 2020 \u00e0 10 h 30 : Messe de rentr\u00e9e<\/li>\n<li>10 octobre 2020 \u00e0 9 h : r\u00e9union de parents<\/li>\n<li>15 octobre 2020 : Journ\u00e9e internationale du lavage des mains<\/li>\n<li>1er d\u00e9cembre journ\u00e9e mondiale de lutte contre le sida<\/li>\n<li>3 d\u00e9cembre 2020 :\u00a0 f\u00eate patronale de Saint-Fran\u00e7ois-Xavier<\/li>\n<li>4-5 d\u00e9cembre : r\u00e9collection d&rsquo;Avent pour les Secondes catholiques de Dani\u00e9lou et de Sainte-Marie, \u00e0 Sainte-Marie de Cocody<\/li>\n<li>5 d\u00e9cembre : r\u00e9collection d&rsquo;Avent pour les catholiques des classes pr\u00e9scolaires jusqu&rsquo;aux coll\u00e9giennes de Dani\u00e9lou et de Sainte-Marie, \u00e0 Dani\u00e9lou<\/li>\n<li>15 janvier 2021 : Inauguration de l&rsquo;\u00e9tablissement<\/li>\n<li>8 mars : journ\u00e9e de la femme<\/li>\n<li>13 mars : r\u00e9collection de Car\u00eame<\/li>\n<li>15-19 mars : semaine des Math\u00e9matiques<\/li>\n<\/ul>\n<p><\/p>\n<p><\/p>\t\t\t\t\t\t\t\t<\/div>\n\t\t\t\t<\/div>\n\t\t\t\t\t<\/div>\n\t\t<\/div>\n\t\t\t\t\t<\/div>\n\t\t<\/section>\n\t\t\t\t<\/div>\n\t\t","protected":false},"excerpt":{"rendered":"<p>Dates \u00e0 retenir Rentr\u00e9e des classes 7 septembre 2020 : Sixi\u00e8mes et Cinqui\u00e8mes 8 septembre 2020 : Secondes 9 septembre 2020 : Primaire 10 septembre&hellip;<\/p>\n","protected":false},"author":3,"featured_media":0,"parent":0,"menu_order":0,"comment_status":"closed","ping_status":"closed","template":"","meta":{"footnotes":""},"class_list":["post-105","page","type-page","status-publish","hentry"],"aioseo_notices":[],"a3_pvc":{"activated":false,"total_views":0,"today_views":0},"_links":{"self":[{"href":"https:\/\/madeleinedanielou.ci\/index.php\/wp-json\/wp\/v2\/pages\/105","targetHints":{"allow":["GET"]}}],"collection":[{"href":"https:\/\/madeleinedanielou.ci\/index.php\/wp-json\/wp\/v2\/pages"}],"about":[{"href":"https:\/\/madeleinedanielou.ci\/index.php\/wp-json\/wp\/v2\/types\/page"}],"author":[{"embeddable":true,"href":"https:\/\/madeleinedanielou.ci\/index.php\/wp-json\/wp\/v2\/users\/3"}],"replies":[{"embeddable":true,"href":"https:\/\/madeleinedanielou.ci\/index.php\/wp-json\/wp\/v2\/comments?post=105"}],"version-history":[{"count":21,"href":"https:\/\/madeleinedanielou.ci\/index.php\/wp-json\/wp\/v2\/pages\/105\/revisions"}],"predecessor-version":[{"id":6816,"href":"https:\/\/madeleinedanielou.ci\/index.php\/wp-json\/wp\/v2\/pages\/105\/revisions\/6816"}],"wp:attachment":[{"href":"https:\/\/madeleinedanielou.ci\/index.php\/wp-json\/wp\/v2\/media?parent=105"}],"curies":[{"name":"wp","href":"https:\/\/api.w.org\/{rel}","templated":true}]}}