{"id":173,"date":"2020-03-31T11:07:10","date_gmt":"2020-03-31T11:07:10","guid":{"rendered":"https:\/\/madeleinedanielou.ci\/?page_id=173"},"modified":"2023-10-30T00:06:38","modified_gmt":"2023-10-30T00:06:38","slug":"accueil-3","status":"publish","type":"page","link":"https:\/\/madeleinedanielou.ci\/index.php\/accueil-3\/","title":{"rendered":"Bienvenue sur notre site!"},"content":{"rendered":"\t\t<div data-elementor-type=\"wp-page\" data-elementor-id=\"173\" class=\"elementor elementor-173\">\n\t\t\t\t\t\t<section class=\"elementor-section elementor-top-section elementor-element elementor-element-064137f elementor-section-full_width elementor-section-height-default elementor-section-height-default wpr-particle-no wpr-jarallax-no wpr-parallax-no wpr-sticky-section-no wpr-equal-height-no\" data-id=\"064137f\" data-element_type=\"section\" data-e-type=\"section\">\n\t\t\t\t\t\t<div class=\"elementor-container elementor-column-gap-default\">\n\t\t\t\t\t<div class=\"elementor-column elementor-col-100 elementor-top-column elementor-element elementor-element-578d557\" data-id=\"578d557\" data-element_type=\"column\" data-e-type=\"column\">\n\t\t\t<div class=\"elementor-widget-wrap elementor-element-populated\">\n\t\t\t\t\t\t<div class=\"elementor-element elementor-element-b9f85ed elementor-widget elementor-widget-shortcode\" data-id=\"b9f85ed\" data-element_type=\"widget\" data-e-type=\"widget\" data-widget_type=\"shortcode.default\">\n\t\t\t\t<div class=\"elementor-widget-container\">\n\t\t\t\t\t\t\t<div class=\"elementor-shortcode\"><div id=\"metaslider-id-451\" style=\"width: 100%; margin: 0 auto;\" class=\"ml-slider-3-108-0 metaslider metaslider-nivo metaslider-451 ml-slider nivo-caption{display:none} ms-theme-outline\" role=\"region\" aria-label=\"slide principal\" data-height=\"600\" data-width=\"1360\">\n    <div id=\"metaslider_container_451\">\n        <div class='slider-wrapper theme-default'><div class='ribbon'><\/div><div id='metaslider_451' class='nivoSlider'><img fetchpriority=\"high\" decoding=\"async\" src=\"https:\/\/madeleinedanielou.ci\/wp-content\/uploads\/2023\/11\/83dcdbda-bd6d-4671-a230-6f5a1074c6fe-1020x450.jpg\" height=\"600\" width=\"1360\" data-caption=\"&lt;div&gt;Visite &amp;agrave; l&amp;rsquo;institut Goethe&lt;\/div&gt;\" title=\"83dcdbda-bd6d-4671-a230-6f5a1074c6fe\" alt=\"\" class=\"slider-451 slide-7138 msDefaultImage\" \/><img decoding=\"async\" src=\"https:\/\/madeleinedanielou.ci\/wp-content\/uploads\/2021\/03\/peinture-jeunefille-793x350.jpg\" height=\"600\" width=\"1360\" data-caption=\"&lt;div style=&quot;text-align: center;&quot;&gt;Un &amp;eacute;tablissement pour filles de la Maternelle au Secondaire&lt;\/div&gt;\" title=\"peinture-jeunefille+\" alt=\"\" class=\"slider-451 slide-676 msDefaultImage\" \/><img decoding=\"async\" src=\"https:\/\/madeleinedanielou.ci\/wp-content\/uploads\/2023\/12\/IMG_2462-scaled-1360x600.jpg\" height=\"600\" width=\"1360\" data-caption=\"&lt;div style=&quot;text-align: center;&quot;&gt;Remise d&amp;rsquo;attestation de fin de stage d&amp;rsquo;immersion et de d&amp;eacute;couverte par la Banque Populaire.&lt;\/div&gt;\" title=\"IMG_2462\" alt=\"\" class=\"slider-451 slide-7252 msDefaultImage\" \/><img loading=\"lazy\" decoding=\"async\" src=\"https:\/\/madeleinedanielou.ci\/wp-content\/uploads\/2026\/03\/m2-e1773330117196-1067x470.jpeg\" height=\"600\" width=\"1360\" data-caption=\"&lt;div style=&quot;text-align: center;&quot;&gt;Carnaval autour du monde &amp;agrave; Dani&amp;eacute;lou-Abidjan &amp;agrave; l&amp;rsquo;occasion du mardi-gras&lt;\/div&gt;\" title=\"m2\" alt=\"\" class=\"slider-451 slide-10078 msDefaultImage\" \/><img loading=\"lazy\" decoding=\"async\" src=\"https:\/\/madeleinedanielou.ci\/wp-content\/uploads\/2023\/11\/216f2db5-6ed2-40d5-8c01-71b5b91cb159-1020x450.jpg\" height=\"600\" width=\"1360\" data-caption=\"&lt;div style=&quot;text-align: center;&quot;&gt;La semaine du go&amp;ucirc;t&lt;\/div&gt;\" title=\"216f2db5-6ed2-40d5-8c01-71b5b91cb159\" alt=\"\" class=\"slider-451 slide-7132 msDefaultImage\" \/><img loading=\"lazy\" decoding=\"async\" src=\"https:\/\/madeleinedanielou.ci\/wp-content\/uploads\/2026\/03\/m5-e1773331593521-1080x476.jpeg\" height=\"600\" width=\"1360\" data-caption=\"&lt;div style=&quot;text-align: center;&quot;&gt;Carnaval autour du monde &amp;agrave; Dani&amp;eacute;lou-Abidjan &amp;agrave; l&amp;rsquo;occasion du mardi-gras&lt;\/div&gt;\" title=\"m5\" alt=\"\" class=\"slider-451 slide-7136 msDefaultImage\" \/><img loading=\"lazy\" decoding=\"async\" src=\"https:\/\/madeleinedanielou.ci\/wp-content\/uploads\/2026\/03\/m6-1080x476.jpeg\" height=\"600\" width=\"1360\" data-caption=\"&lt;div style=&quot;text-align: center;&quot;&gt;Carnaval autour du monde &amp;agrave; Dani&amp;eacute;lou-Abidjan &amp;agrave; l&amp;rsquo;occasion du mardi-gras&lt;\/div&gt;\" title=\"m6\" alt=\"\" class=\"slider-451 slide-7135 msDefaultImage\" \/><img loading=\"lazy\" decoding=\"async\" src=\"https:\/\/madeleinedanielou.ci\/wp-content\/uploads\/2026\/03\/m4-960x423.jpeg\" height=\"600\" width=\"1360\" data-caption=\"&lt;div style=&quot;text-align: center;&quot;&gt;Carnaval autour du monde &amp;agrave; Dani&amp;eacute;lou-Abidjan &amp;agrave; l&amp;rsquo;occasion du mardi-gras&lt;\/div&gt;\" title=\"m4\" alt=\"\" class=\"slider-451 slide-10082 msDefaultImage\" \/><img loading=\"lazy\" decoding=\"async\" src=\"https:\/\/madeleinedanielou.ci\/wp-content\/uploads\/2023\/11\/0a2053e5-c9a1-447d-91c5-cf28ac0d34fb-e1700566269784-1020x450.jpg\" height=\"600\" width=\"1360\" data-caption=\"&lt;div style=&quot;text-align: center;&quot;&gt;Visite &amp;agrave; l&amp;rsquo;institut Goethe&lt;\/div&gt;\" title=\"0a2053e5-c9a1-447d-91c5-cf28ac0d34fb\" alt=\"\" class=\"slider-451 slide-7137 msDefaultImage\" \/><img loading=\"lazy\" decoding=\"async\" src=\"https:\/\/madeleinedanielou.ci\/wp-content\/uploads\/2023\/11\/fd6ef029-a29a-4a81-8a36-572a5868f7a9-e1700564917702-1024x451.jpg\" height=\"600\" width=\"1360\" data-caption=\"&lt;div style=&quot;text-align: center;&quot;&gt;Lancement des clubs 2023-2024&lt;\/div&gt;\" title=\"fd6ef029-a29a-4a81-8a36-572a5868f7a9\" alt=\"\" class=\"slider-451 slide-7126 msDefaultImage\" \/><img loading=\"lazy\" decoding=\"async\" src=\"https:\/\/madeleinedanielou.ci\/wp-content\/uploads\/2023\/11\/218c4771-ab75-4871-8db8-62d00c558393-e1700565146444-1024x451.jpg\" height=\"600\" width=\"1360\" data-caption=\"&lt;div style=&quot;text-align: center;&quot;&gt;Lancement des clubs 2023-2024&lt;\/div&gt;\" title=\"218c4771-ab75-4871-8db8-62d00c558393\" alt=\"\" class=\"slider-451 slide-7127 msDefaultImage\" \/><img loading=\"lazy\" decoding=\"async\" src=\"https:\/\/madeleinedanielou.ci\/wp-content\/uploads\/2023\/11\/c712b85d-d1c3-416d-b605-fbd3f9b28282-e1700565296321-1024x451.jpg\" height=\"600\" width=\"1360\" data-caption=\"&lt;div style=&quot;text-align: center;&quot;&gt;Lancement des clubs 2023-2024&lt;\/div&gt;\" title=\"c712b85d-d1c3-416d-b605-fbd3f9b28282\" alt=\"\" class=\"slider-451 slide-7128 msDefaultImage\" \/><img loading=\"lazy\" decoding=\"async\" src=\"https:\/\/madeleinedanielou.ci\/wp-content\/uploads\/2024\/08\/gsmd_3-872x385.png\" height=\"600\" width=\"1360\" data-caption=\"&lt;div style=&quot;text-align: center;&quot;&gt;Avec son excellence Madame Denise Houphouet-Boigny&lt;\/div&gt;\" title=\"gsmd_3\" alt=\"\" class=\"slider-451 slide-8165 msDefaultImage\" \/><img loading=\"lazy\" decoding=\"async\" src=\"https:\/\/madeleinedanielou.ci\/wp-content\/uploads\/2024\/08\/gsmd_2-1-874x386.png\" height=\"600\" width=\"1360\" data-caption=\"&lt;div style=&quot;text-align: center;&quot;&gt;Madame le Directeur adjoint de Cabinet du MENA&lt;\/div&gt;\" title=\"gsmd_2\" alt=\"\" class=\"slider-451 slide-8157 msDefaultImage\" \/><img loading=\"lazy\" decoding=\"async\" src=\"https:\/\/madeleinedanielou.ci\/wp-content\/uploads\/2021\/03\/DSC03504-1262x557.jpg\" height=\"600\" width=\"1360\" data-caption=\"&lt;div style=&quot;text-align: center;&quot;&gt;Un &amp;eacute;tablissement pour filles de la Maternelle au Secondaire&lt;\/div&gt;\" title=\"peinture murale\" alt=\"\" class=\"slider-451 slide-454 msDefaultImage\" \/><img loading=\"lazy\" decoding=\"async\" src=\"https:\/\/madeleinedanielou.ci\/wp-content\/uploads\/2026\/03\/m1-e1773332668336-1080x476.jpeg\" height=\"600\" width=\"1360\" data-caption=\"&lt;div style=&quot;text-align: center;&quot;&gt;Carnaval autour du monde &amp;agrave; Dani&amp;eacute;lou-Abidjan &amp;agrave; l&amp;rsquo;occasion du mardi-gras&lt;\/div&gt;\" title=\"m1\" alt=\"\" class=\"slider-451 slide-7129 msDefaultImage\" \/><img loading=\"lazy\" decoding=\"async\" src=\"https:\/\/madeleinedanielou.ci\/wp-content\/uploads\/2023\/11\/48482ae0-aedc-4200-9831-e6fd1f94183d-1020x450.jpg\" height=\"600\" width=\"1360\" data-caption=\"&lt;div style=&quot;text-align: center;&quot;&gt;La semaine du go&amp;ucirc;t&lt;\/div&gt;\" title=\"48482ae0-aedc-4200-9831-e6fd1f94183d\" alt=\"\" class=\"slider-451 slide-7131 msDefaultImage\" \/><img loading=\"lazy\" decoding=\"async\" src=\"https:\/\/madeleinedanielou.ci\/wp-content\/uploads\/2023\/12\/IMG_2469-scaled-e1701789184475-1360x600.jpg\" height=\"600\" width=\"1360\" data-caption=\"&lt;div style=&quot;text-align: center;&quot;&gt;Remise d&amp;rsquo;attestation de fin de stage d&amp;rsquo;immersion et de d&amp;eacute;couverte par la Banque Populaire.&lt;\/div&gt;\" title=\"IMG_2469\" alt=\"\" class=\"slider-451 slide-7254 msDefaultImage\" \/><img loading=\"lazy\" decoding=\"async\" src=\"https:\/\/madeleinedanielou.ci\/wp-content\/uploads\/2023\/12\/ed608c5a-bbf0-4093-ba1c-7f87a0cf2e94-e1701789865883-981x433.jpg\" height=\"600\" width=\"1360\" data-caption=\"&lt;div style=&quot;text-align: center;&quot;&gt;Remise d&amp;rsquo;attestation de fin de stage d&amp;rsquo;immersion et de d&amp;eacute;couverte par la Banque Populaire.&lt;\/div&gt;\" title=\"ed608c5a-bbf0-4093-ba1c-7f87a0cf2e94\" alt=\"\" class=\"slider-451 slide-7256 msDefaultImage\" \/><img loading=\"lazy\" decoding=\"async\" src=\"https:\/\/madeleinedanielou.ci\/wp-content\/uploads\/2023\/12\/a4259900-6a2e-4cea-873b-897140208a1a-e1701789670805-863x381.jpg\" height=\"600\" width=\"1360\" data-caption=\"&lt;div style=&quot;text-align: center;&quot;&gt;Remise d&amp;rsquo;attestation de fin de stage d&amp;rsquo;immersion et de d&amp;eacute;couverte par la Banque Populaire.&lt;\/div&gt;\" title=\"a4259900-6a2e-4cea-873b-897140208a1a\" alt=\"\" class=\"slider-451 slide-7258 msDefaultImage\" \/><img loading=\"lazy\" decoding=\"async\" src=\"https:\/\/madeleinedanielou.ci\/wp-content\/uploads\/2023\/11\/63816f39-8caf-48f6-81ac-209a4498f2d6-1020x450.jpg\" height=\"600\" width=\"1360\" data-caption=\"&lt;div style=&quot;text-align: center;&quot;&gt;La semaine du go&amp;ucirc;t&lt;\/div&gt;\" title=\"63816f39-8caf-48f6-81ac-209a4498f2d6\" alt=\"\" class=\"slider-451 slide-7134 msDefaultImage\" \/><\/div><\/div>\n        \n    <\/div>\n<\/div><\/div>\n\t\t\t\t\t\t<\/div>\n\t\t\t\t<\/div>\n\t\t\t\t\t<\/div>\n\t\t<\/div>\n\t\t\t\t\t<\/div>\n\t\t<\/section>\n\t\t\t\t<section class=\"elementor-section elementor-top-section elementor-element elementor-element-1beca7d elementor-section-boxed elementor-section-height-default elementor-section-height-default wpr-particle-no wpr-jarallax-no wpr-parallax-no wpr-sticky-section-no wpr-equal-height-no\" data-id=\"1beca7d\" data-element_type=\"section\" data-e-type=\"section\">\n\t\t\t\t\t\t<div class=\"elementor-container elementor-column-gap-default\">\n\t\t\t\t\t<div class=\"elementor-column elementor-col-100 elementor-top-column elementor-element elementor-element-2109b51\" data-id=\"2109b51\" data-element_type=\"column\" data-e-type=\"column\">\n\t\t\t<div class=\"elementor-widget-wrap elementor-element-populated\">\n\t\t\t\t\t\t<div class=\"elementor-element elementor-element-f445276 elementor-widget elementor-widget-text-editor\" data-id=\"f445276\" data-element_type=\"widget\" data-e-type=\"widget\" data-widget_type=\"text-editor.default\">\n\t\t\t\t<div class=\"elementor-widget-container\">\n\t\t\t\t\t\t\t\t\t<p><blockquote id=\"null\" class=\"wp-block-quote\"><strong>Former des femmes responsables, autonomes, capables d\u2019une r\u00e9flexion personnelle, ouvertes aux enjeux du monde et au dialogue, pr\u00eates \u00e0 s\u2019engager au service de la soci\u00e9t\u00e9.<\/strong><\/blockqute><\/p>\t\t\t\t\t\t\t\t<\/div>\n\t\t\t\t<\/div>\n\t\t\t\t\t<\/div>\n\t\t<\/div>\n\t\t\t\t\t<\/div>\n\t\t<\/section>\n\t\t\t\t<section class=\"elementor-section elementor-top-section elementor-element elementor-element-d4c5688 elementor-section-boxed elementor-section-height-default elementor-section-height-default wpr-particle-no wpr-jarallax-no wpr-parallax-no wpr-sticky-section-no wpr-equal-height-no\" data-id=\"d4c5688\" data-element_type=\"section\" data-e-type=\"section\">\n\t\t\t\t\t\t<div class=\"elementor-container elementor-column-gap-default\">\n\t\t\t\t\t<div class=\"elementor-column elementor-col-100 elementor-top-column elementor-element elementor-element-f11a95b\" data-id=\"f11a95b\" data-element_type=\"column\" data-e-type=\"column\">\n\t\t\t<div class=\"elementor-widget-wrap elementor-element-populated\">\n\t\t\t\t\t\t<div class=\"elementor-element elementor-element-eefdb5e elementor-widget elementor-widget-heading\" data-id=\"eefdb5e\" data-element_type=\"widget\" data-e-type=\"widget\" data-widget_type=\"heading.default\">\n\t\t\t\t<div class=\"elementor-widget-container\">\n\t\t\t\t\t<h4 class=\"elementor-heading-title elementor-size-default\">Prochain test le samedi 11 juin 2022. \n                Les inscriptions pour l'ann\u00e9e 2022-2023 se poursuivent.<\/h4>\t\t\t\t<\/div>\n\t\t\t\t<\/div>\n\t\t\t\t\t<\/div>\n\t\t<\/div>\n\t\t\t\t\t<\/div>\n\t\t<\/section>\n\t\t\t\t<section class=\"elementor-section elementor-top-section elementor-element elementor-element-604bc60 elementor-section-boxed elementor-section-height-default elementor-section-height-default wpr-particle-no wpr-jarallax-no wpr-parallax-no wpr-sticky-section-no wpr-equal-height-no\" data-id=\"604bc60\" data-element_type=\"section\" data-e-type=\"section\">\n\t\t\t\t\t\t<div class=\"elementor-container elementor-column-gap-default\">\n\t\t\t\t\t<div class=\"elementor-column elementor-col-66 elementor-top-column elementor-element elementor-element-9f103e9\" data-id=\"9f103e9\" data-element_type=\"column\" data-e-type=\"column\">\n\t\t\t<div class=\"elementor-widget-wrap elementor-element-populated\">\n\t\t\t\t\t\t<div class=\"elementor-element elementor-element-bc1fa7c elementor-widget elementor-widget-shortcode\" data-id=\"bc1fa7c\" data-element_type=\"widget\" data-e-type=\"widget\" data-widget_type=\"shortcode.default\">\n\t\t\t\t<div class=\"elementor-widget-container\">\n\t\t\t\t\t\t\t<div class=\"elementor-shortcode\"><div id=\"metaslider-id-3168\" style=\"width: 100%;\" class=\"ml-slider-3-108-0 metaslider metaslider-nivo metaslider-3168 ml-slider nivo-caption{display:none} ms-theme-default\" role=\"region\" aria-label=\"Vie scolaire du GSMD\" data-height=\"400\" data-width=\"700\">\n    <div id=\"metaslider_container_3168\">\n        <div class='slider-wrapper theme-default'><div class='ribbon'><\/div><div id='metaslider_3168' class='nivoSlider'><img loading=\"lazy\" decoding=\"async\" src=\"https:\/\/madeleinedanielou.ci\/wp-content\/uploads\/2023\/07\/PHOTO-2023-07-17-22-54-13-700x400.jpg\" height=\"400\" width=\"700\" title=\"PHOTO-2023-07-17-22-54-13\" alt=\"\" class=\"slider-3168 slide-6530 msDefaultImage\" \/><img loading=\"lazy\" decoding=\"async\" src=\"https:\/\/madeleinedanielou.ci\/wp-content\/uploads\/2023\/07\/PHOTO-2023-07-17-22-54-13-1-700x400.jpg\" height=\"400\" width=\"700\" title=\"PHOTO-2023-07-17-22-54-13 (1)\" alt=\"\" class=\"slider-3168 slide-6531 msDefaultImage\" \/><img loading=\"lazy\" decoding=\"async\" src=\"https:\/\/madeleinedanielou.ci\/wp-content\/uploads\/2023\/07\/PHOTO-2023-07-17-22-54-14-700x400.jpg\" height=\"400\" width=\"700\" title=\"PHOTO-2023-07-17-22-54-14\" alt=\"\" class=\"slider-3168 slide-6532 msDefaultImage\" \/><img loading=\"lazy\" decoding=\"async\" src=\"https:\/\/madeleinedanielou.ci\/wp-content\/uploads\/2023\/02\/PHOTO-2023-02-25-10-47-45-700x400.jpg\" height=\"400\" width=\"700\" title=\"PHOTO-2023-02-25-10-47-45\" alt=\"\" class=\"slider-3168 slide-6533 msDefaultImage\" \/><img loading=\"lazy\" decoding=\"async\" src=\"https:\/\/madeleinedanielou.ci\/wp-content\/uploads\/2023\/02\/PHOTO-2023-02-25-10-47-45-2-700x400.jpg\" height=\"400\" width=\"700\" title=\"PHOTO-2023-02-25-10-47-45 (2)\" alt=\"\" class=\"slider-3168 slide-6534 msDefaultImage\" \/><img loading=\"lazy\" decoding=\"async\" src=\"https:\/\/madeleinedanielou.ci\/wp-content\/uploads\/2023\/02\/IMG-20230210-WA0022-1-700x400.jpg\" height=\"400\" width=\"700\" title=\"IMG-20230210-WA0022\" alt=\"\" class=\"slider-3168 slide-6535 msDefaultImage\" \/><img loading=\"lazy\" decoding=\"async\" src=\"https:\/\/madeleinedanielou.ci\/wp-content\/uploads\/2023\/02\/20230210_093356-1-scaled-700x400.jpg\" height=\"400\" width=\"700\" title=\"20230210_093356\" alt=\"\" class=\"slider-3168 slide-6536 msDefaultImage\" \/><img loading=\"lazy\" decoding=\"async\" src=\"https:\/\/madeleinedanielou.ci\/wp-content\/uploads\/2023\/02\/IMG_20230210_121920-scaled-700x400.jpg\" height=\"400\" width=\"700\" title=\"IMG_20230210_121920\" alt=\"\" class=\"slider-3168 slide-6537 msDefaultImage\" \/><img loading=\"lazy\" decoding=\"async\" src=\"https:\/\/madeleinedanielou.ci\/wp-content\/uploads\/2023\/02\/IMG_20230210_110726-scaled-700x400.jpg\" height=\"400\" width=\"700\" title=\"IMG_20230210_110726\" alt=\"\" class=\"slider-3168 slide-6538 msDefaultImage\" \/><img loading=\"lazy\" decoding=\"async\" src=\"https:\/\/madeleinedanielou.ci\/wp-content\/uploads\/2022\/12\/baroan_espagnol-700x400.png\" height=\"400\" width=\"700\" data-caption=\"3e Prix. Baroan Lizy Maela Rapha&euml;lle, du Groupe Scolaire Madeleine Dani&eacute;lou de Cocody. \" title=\"baroan_espagnol\" alt=\"3e Prix. Baroan Lizy Maela Rapha\u00eblle, du Groupe Scolaire Madeleine Dani\u00e9lou de Cocody.\" class=\"slider-3168 slide-6539 msDefaultImage\" \/><img loading=\"lazy\" decoding=\"async\" src=\"https:\/\/madeleinedanielou.ci\/wp-content\/uploads\/2022\/12\/fratmat_info_ste_marie-700x400.png\" height=\"400\" width=\"700\" data-caption=\"Concours d&#039;Espagnol 2022 - les filles du Lyc&eacute;e Sainte Marie r&eacute;compens&eacute;es\" title=\"fratmat_info_ste_marie\" alt=\"\" class=\"slider-3168 slide-6540 msDefaultImage\" \/><img loading=\"lazy\" decoding=\"async\" src=\"https:\/\/madeleinedanielou.ci\/wp-content\/uploads\/2022\/10\/ed039f89-d63f-4b69-acd6-1b183afa10cc-700x400.jpg\" height=\"400\" width=\"700\" title=\"ed039f89-d63f-4b69-acd6-1b183afa10cc\" alt=\"\" class=\"slider-3168 slide-6541 msDefaultImage\" \/><img loading=\"lazy\" decoding=\"async\" src=\"https:\/\/madeleinedanielou.ci\/wp-content\/uploads\/2022\/10\/b5f8bb09-dd97-47a8-a41d-29e4fabd9a0f-700x400.jpg\" height=\"400\" width=\"700\" title=\"b5f8bb09-dd97-47a8-a41d-29e4fabd9a0f\" alt=\"\" class=\"slider-3168 slide-6542 msDefaultImage\" \/><img loading=\"lazy\" decoding=\"async\" src=\"https:\/\/madeleinedanielou.ci\/wp-content\/uploads\/2022\/10\/56917442-f5c3-4fa2-bc7a-73c686836951-700x400.jpg\" height=\"400\" width=\"700\" title=\"56917442-f5c3-4fa2-bc7a-73c686836951\" alt=\"\" class=\"slider-3168 slide-6543 msDefaultImage\" \/><img loading=\"lazy\" decoding=\"async\" src=\"https:\/\/madeleinedanielou.ci\/wp-content\/uploads\/2022\/10\/IMG-20221005-WA0033-700x400.jpg\" height=\"400\" width=\"700\" title=\"IMG-20221005-WA0033\" alt=\"\" class=\"slider-3168 slide-6544 msDefaultImage\" \/><img loading=\"lazy\" decoding=\"async\" src=\"https:\/\/madeleinedanielou.ci\/wp-content\/uploads\/2022\/10\/IMG-20221005-WA0031-700x400.jpg\" height=\"400\" width=\"700\" title=\"IMG-20221005-WA0031\" alt=\"\" class=\"slider-3168 slide-6545 msDefaultImage\" \/><img loading=\"lazy\" decoding=\"async\" src=\"https:\/\/madeleinedanielou.ci\/wp-content\/uploads\/2022\/10\/IMG-20221005-WA0021-700x400.jpg\" height=\"400\" width=\"700\" title=\"IMG-20221005-WA0021\" alt=\"\" class=\"slider-3168 slide-6546 msDefaultImage\" \/><\/div><\/div>\n        \n    <\/div>\n<\/div><\/div>\n\t\t\t\t\t\t<\/div>\n\t\t\t\t<\/div>\n\t\t\t\t<div class=\"elementor-element elementor-element-26cf2f7 elementor-widget elementor-widget-video\" data-id=\"26cf2f7\" data-element_type=\"widget\" data-e-type=\"widget\" data-settings=\"{&quot;video_type&quot;:&quot;vimeo&quot;}\" data-widget_type=\"video.default\">\n\t\t\t\t<div class=\"elementor-widget-container\">\n\t\t\t\t\t\t\t<div class=\"elementor-wrapper elementor-open-inline\">\n\t\t\t<iframe class=\"elementor-video-iframe\" allowfullscreen allow=\"clipboard-write\" title=\"Lecteur vid\u00e9o vimeo\" src=\"https:\/\/player.vimeo.com\/video\/666584702?color&amp;autopause=0&amp;loop=0&amp;muted=0&amp;title=0&amp;portrait=0&amp;byline=0#t=\"><\/iframe>\t\t<\/div>\n\t\t\t\t\t\t<\/div>\n\t\t\t\t<\/div>\n\t\t\t\t<div class=\"elementor-element elementor-element-7f86a0b elementor-widget elementor-widget-google_maps\" data-id=\"7f86a0b\" data-element_type=\"widget\" data-e-type=\"widget\" data-widget_type=\"google_maps.default\">\n\t\t\t\t<div class=\"elementor-widget-container\">\n\t\t\t\t\t\t\t<div class=\"elementor-custom-embed\">\n\t\t\t<iframe loading=\"lazy\"\n\t\t\t\t\tsrc=\"https:\/\/maps.google.com\/maps?q=Groupe%20Scolaire%20Madeleine-Dani%C3%A9lou%2C%20C%C3%B4te%20d%27ivoire&#038;t=m&#038;z=15&#038;output=embed&#038;iwloc=near\"\n\t\t\t\t\ttitle=\"Groupe Scolaire Madeleine-Dani\u00e9lou, C\u00f4te d&#039;ivoire\"\n\t\t\t\t\taria-label=\"Groupe Scolaire Madeleine-Dani\u00e9lou, C\u00f4te d&#039;ivoire\"\n\t\t\t><\/iframe>\n\t\t<\/div>\n\t\t\t\t\t\t<\/div>\n\t\t\t\t<\/div>\n\t\t\t\t\t<\/div>\n\t\t<\/div>\n\t\t\t\t<div class=\"elementor-column elementor-col-33 elementor-top-column elementor-element elementor-element-a7201cb\" data-id=\"a7201cb\" data-element_type=\"column\" data-e-type=\"column\">\n\t\t\t<div class=\"elementor-widget-wrap elementor-element-populated\">\n\t\t\t\t\t\t<div class=\"elementor-element elementor-element-011f9d2 elementor-widget elementor-widget-text-editor\" data-id=\"011f9d2\" data-element_type=\"widget\" data-e-type=\"widget\" data-widget_type=\"text-editor.default\">\n\t\t\t\t<div class=\"elementor-widget-container\">\n\t\t\t\t\t\t\t\t\t<h5 style=\"text-align: center;\"><img loading=\"lazy\" decoding=\"async\" class=\"alignnone wp-image-3394 size-medium\" src=\"https:\/\/madeleinedanielou.ci\/wp-content\/uploads\/2022\/01\/ecole-associee-Unesco-300x197.png\" alt=\"\" width=\"300\" height=\"197\" srcset=\"https:\/\/madeleinedanielou.ci\/wp-content\/uploads\/2022\/01\/ecole-associee-Unesco-300x197.png 300w, https:\/\/madeleinedanielou.ci\/wp-content\/uploads\/2022\/01\/ecole-associee-Unesco.png 326w\" sizes=\"(max-width: 300px) 100vw, 300px\" \/><\/h5><h4 style=\"color: #ff9900; text-align: center;\">Le Groupe Scolaire <br \/>Madeleine-Dani\u00e9lou<\/h4><h4 style=\"text-align: center;\">anim\u00e9 par la <b>Communaut\u00e9 Saint-Fran\u00e7ois-Xavier<\/b><\/h4><p style=\"text-align: center;\"><span style=\"color: #ff9900;\"><b>est membre du R\u00e9seau des Centres \u00e9ducatifs Madeleine-Dani\u00e9lou<\/b><\/span><\/p><p><img loading=\"lazy\" decoding=\"async\" class=\"wp-image-2174 alignleft\" src=\"https:\/\/madeleinedanielou.ci\/wp-content\/uploads\/2021\/04\/abidjan-1.png\" alt=\"Logo LYSMA\" width=\"58\" height=\"50\" \/>en<strong> C\u00f4te d\u2019Ivoire<\/strong>\u00a0<strong>: <a title=\"Sainte-Marie de Cocody-Abidjan\" href=\"https:\/\/lyceesaintemarie.net\" target=\"_blank\" rel=\"noopener\">Lyc\u00e9e Sainte-Marie de Cocody<\/a><\/strong><br \/><img loading=\"lazy\" decoding=\"async\" class=\"wp-image-2177 alignleft\" src=\"https:\/\/madeleinedanielou.ci\/wp-content\/uploads\/2021\/04\/xavier.png\" alt=\"Logo Lyc\u00e9e Xavier S\u00e9oul\" width=\"58\" height=\"50\" \/>en <strong>Cor\u00e9e\u00a0: <a href=\"http:\/\/www.xavier.sc.kr\/\" target=\"_blank\" rel=\"noreferrer noopener\" aria-label=\"Lyc\u00e9e International Xavier de S\u00e9oul (s\u2019ouvre dans un nouvel onglet)\">Lyc\u00e9e International Xavier de S\u00e9oul<\/a><\/strong><\/p><p>\u00a0\u00a0\u00a0\u00a0\u00a0\u00a0\u00a0\u00a0\u00a0\u00a0\u00a0\u00a0\u00a0\u00a0\u00a0\u00a0\u00a0en <strong>France\u00a0:<\/strong><br \/><strong><img loading=\"lazy\" decoding=\"async\" class=\"wp-image-2176 alignleft\" src=\"https:\/\/madeleinedanielou.ci\/wp-content\/uploads\/2021\/04\/smn.png\" alt=\"Logo Sainte-Marie de Neuilly\" width=\"50\" height=\"50\" \/>Lyc\u00e9e <a href=\"http:\/\/www.saintemariedeneuilly.fr\/\" target=\"_blank\" rel=\"noreferrer noopener\" aria-label=\"Sainte-Marie de Neuilly (s\u2019ouvre dans un nouvel onglet)\">Sainte-Marie de Neuilly<\/a><\/strong><\/p><p><b><img loading=\"lazy\" decoding=\"async\" class=\"wp-image-2175 alignleft\" src=\"https:\/\/madeleinedanielou.ci\/wp-content\/uploads\/2021\/04\/cmd.png\" alt=\"Logo Dani\u00e9lou Rueil-Malmaison\" width=\"50\" height=\"45\" \/>Lyc\u00e9e <a href=\"http:\/\/www.danielou.org\" target=\"_blank\" rel=\"noreferrer noopener\" aria-label=\" (s\u2019ouvre dans un nouvel onglet)\">Madeleine-Dani\u00e9lou de Rueil-Malmaison<\/a><\/b><br \/><strong><img loading=\"lazy\" decoding=\"async\" class=\"wp-image-2178 alignnone\" src=\"https:\/\/madeleinedanielou.ci\/wp-content\/uploads\/2021\/04\/logo_bobigny-e1618135320381.png\" alt=\"Logo de Charles-P\u00e9guy de Bobigny\" width=\"26\" height=\"45\" \/>\u00a0\u00a0\u00a0\u00a0\u00a0\u00a0\u00a0\u00a0\u00a0\u00a0\u00a0\u00a0 Lyc\u00e9e <a href=\"http:\/\/www.charles-peguy-bobigny.fr\/\" target=\"_blank\" rel=\"noreferrer noopener\" aria-label=\"Charles-P\u00e9guy de Bobigny (s\u2019ouvre dans un nouvel onglet)\">Charles-P\u00e9guy de Bobigny<\/a><\/strong><\/p><p><strong><img loading=\"lazy\" decoding=\"async\" class=\"wp-image-2172 alignleft\" src=\"https:\/\/madeleinedanielou.ci\/wp-content\/uploads\/2021\/04\/charles-peguy.png\" alt=\"Logo Charles-P\u00e9guy Paris 11\" width=\"50\" height=\"40\" \/>Lyc\u00e9e <a href=\"http:\/\/www.charles-peguy.fr\/\" target=\"_blank\" rel=\"noreferrer noopener\" aria-label=\"Charles-P\u00e9guy de Paris (s\u2019ouvre dans un nouvel onglet)\">Charles-P\u00e9guy de Paris<\/a><\/strong><\/p><p><strong><img loading=\"lazy\" decoding=\"async\" class=\"wp-image-2171 alignleft\" src=\"https:\/\/madeleinedanielou.ci\/wp-content\/uploads\/2021\/04\/centre-charles-peguy-Garges.png\" alt=\"Logo Centre Charles-P\u00e9guy de Garges-l\u00e8s-Gonesse\" width=\"58\" height=\"40\" \/><\/strong><strong>Centre <a href=\"http:\/\/centre-charles-peguy.fr\/\" target=\"_blank\" rel=\"noreferrer noopener\" aria-label=\" (s\u2019ouvre dans un nouvel onglet)\">Charles-P\u00e9guy de Garges-l\u00e8s-Gonesse<\/a><\/strong><\/p><p><strong><img loading=\"lazy\" decoding=\"async\" class=\"wp-image-2173 alignleft\" title=\"Logo de la Maison de Meryemana\" src=\"https:\/\/madeleinedanielou.ci\/wp-content\/uploads\/2021\/04\/meryemana.png\" alt=\"Logo de la Maison de Meryemana\" width=\"58\" height=\"50\" \/>Maison de <a href=\"https:\/\/meryemana.fr\" target=\"_blank\" rel=\"noopener\">Meryemana \u00e0 Ermont<\/a><\/strong><br \/><a href=\"http:\/\/www.communaute-sfx.com\" target=\"_blank\" rel=\"noreferrer noopener\"><img loading=\"lazy\" decoding=\"async\" class=\"aligncenter\" src=\"https:\/\/madeleinedanielou.ci\/wp-content\/uploads\/2020\/04\/logosfx-coul-RVB-2019_04_13-11_12_38-UTC-e1587288227520.jpg\" alt=\"logo de la Communaut\u00e9 Saint-Fran\u00e7ois-Xavier\" width=\"99\" height=\"105\" \/><\/a><\/p><p><!-- \/wp:list --><\/p>\t\t\t\t\t\t\t\t<\/div>\n\t\t\t\t<\/div>\n\t\t\t\t\t<\/div>\n\t\t<\/div>\n\t\t\t\t\t<\/div>\n\t\t<\/section>\n\t\t\t\t<section class=\"elementor-section elementor-top-section elementor-element elementor-element-42176af elementor-section-boxed elementor-section-height-default elementor-section-height-default wpr-particle-no wpr-jarallax-no wpr-parallax-no wpr-sticky-section-no wpr-equal-height-no\" data-id=\"42176af\" data-element_type=\"section\" data-e-type=\"section\">\n\t\t\t\t\t\t<div class=\"elementor-container elementor-column-gap-default\">\n\t\t\t\t\t<div class=\"elementor-column elementor-col-100 elementor-top-column elementor-element elementor-element-7e5a153\" data-id=\"7e5a153\" data-element_type=\"column\" data-e-type=\"column\">\n\t\t\t<div class=\"elementor-widget-wrap\">\n\t\t\t\t\t\t\t<\/div>\n\t\t<\/div>\n\t\t\t\t\t<\/div>\n\t\t<\/section>\n\t\t\t\t<\/div>\n\t\t","protected":false},"excerpt":{"rendered":"<p>Former des femmes responsables, autonomes, capables d\u2019une r\u00e9flexion personnelle, ouvertes aux enjeux du monde et au dialogue, pr\u00eates \u00e0 s\u2019engager au service de la soci\u00e9t\u00e9.&hellip;<\/p>\n","protected":false},"author":6,"featured_media":0,"parent":0,"menu_order":0,"comment_status":"closed","ping_status":"closed","template":"","meta":{"footnotes":""},"class_list":["post-173","page","type-page","status-publish","hentry"],"aioseo_notices":[],"a3_pvc":{"activated":true,"total_views":1,"today_views":0},"_links":{"self":[{"href":"https:\/\/madeleinedanielou.ci\/index.php\/wp-json\/wp\/v2\/pages\/173","targetHints":{"allow":["GET"]}}],"collection":[{"href":"https:\/\/madeleinedanielou.ci\/index.php\/wp-json\/wp\/v2\/pages"}],"about":[{"href":"https:\/\/madeleinedanielou.ci\/index.php\/wp-json\/wp\/v2\/types\/page"}],"author":[{"embeddable":true,"href":"https:\/\/madeleinedanielou.ci\/index.php\/wp-json\/wp\/v2\/users\/6"}],"replies":[{"embeddable":true,"href":"https:\/\/madeleinedanielou.ci\/index.php\/wp-json\/wp\/v2\/comments?post=173"}],"version-history":[{"count":275,"href":"https:\/\/madeleinedanielou.ci\/index.php\/wp-json\/wp\/v2\/pages\/173\/revisions"}],"predecessor-version":[{"id":6819,"href":"https:\/\/madeleinedanielou.ci\/index.php\/wp-json\/wp\/v2\/pages\/173\/revisions\/6819"}],"wp:attachment":[{"href":"https:\/\/madeleinedanielou.ci\/index.php\/wp-json\/wp\/v2\/media?parent=173"}],"curies":[{"name":"wp","href":"https:\/\/api.w.org\/{rel}","templated":true}]}}